{"id":288367,"date":"2021-12-31T10:51:13","date_gmt":"2021-12-31T13:51:13","guid":{"rendered":"https:\/\/naseprogram.wp-ms.ahuekna.org.ar\/?page_id=288367"},"modified":"2022-09-20T10:40:06","modified_gmt":"2022-09-20T13:40:06","slug":"purpose-work-plan","status":"publish","type":"page","link":"https:\/\/www.naseprogram.org\/hu\/purpose-work-plan\/","title":{"rendered":"C\u00e9l + munkaterv"},"content":{"rendered":"\n<p><strong>C\u00c9LJA<\/strong><\/p>\n\n\n\n<p>A NASE ingyenes kurzusainak f\u0151 c\u00e9lja a csillag\u00e1szk\u00e9pz\u0151 tan\u00e1rok (alap-, k\u00f6z\u00e9p- \u00e9s egyetemi) oktat\u00e1s\u00e1nak el\u0151seg\u00edt\u00e9se, valamint a tudom\u00e1ny\u00e1g oktat\u00e1s\u00e1nak\/akt\u00edv tanul\u00e1s\u00e1nak el\u0151seg\u00edt\u00e9se modellek \u00e9s jelens\u00e9gek megfigyel\u00e9se r\u00e9v\u00e9n.<\/p>\n\n\n\n<p><strong>K\u00d6VETELM\u00c9NYEK \u00c9S\/VAGY SZAKMAI GYAKORLAT SZ\u00dcKS\u00c9GES<\/strong><\/p>\n\n\n\n<p>\u00c1ltal\u00e1nos iskolai tan\u00e1rok, b\u00e1rmely ter\u00fclet k\u00f6z\u00e9piskolai tan\u00e1rai, fels\u0151oktat\u00e1si tan\u00e1rok (term\u00e9szettudom\u00e1nyi tan\u00e1rok) \u00e9s hasonl\u00f3 egyetemi alapciklus\u00fa p\u00e1ly\u00e1k, fels\u0151fok\u00fa tan\u00e1rk\u00e9pz\u00e9s hallgat\u00f3i.<\/p>\n\n\n\n<p>Nem sz\u00fcks\u00e9ges el\u0151zetes csillag\u00e1szati \u200b\u200bismeretek.<\/p>\n\n\n\n<p><strong>FORM\u00c1TUM (Minden kurzus adhat\u00f3 szemt\u0151l szemben, online vagy hibrid form\u00e1ban)<\/strong><\/p>\n\n\n\n<p>A csillag\u00e1szat, asztrofizika, asztrobiol\u00f3gia \u00e9s asztrokult\u00fara \u00e1ltal\u00e1nos kurzusa 4 napos alapfogalmakb\u00f3l \u00e1ll, megfigyel\u00e9seket \u00e9s csillag\u00e1szati \u200b\u200bl\u00e1togat\u00e1st foglal mag\u00e1ban. y una Astron. Visitn\u00f3mica. 4 el\u0151ad\u00e1st, 10 workshopot \u00e9s 2 munkacsoportot tartalmaz.<\/p>\n\n\n\n<ul class=\"wp-block-list\"><li>\u00c1ltal\u00e1nos alaptanfolyam<\/li><\/ul>\n\n\n\n<p>R\u00f6videbb kurzusk\u00e9nt n\u00e9gy \u00faj kurzust struktur\u00e1ltak, amelyek 2 el\u0151ad\u00e1st vagy munkacsoportot \u00e9s 4 workshopot vagy munkacsoportot tartalmaznak.<\/p>\n\n\n\n<ul class=\"wp-block-list\"><li>Csillag\u00e1szati \u200b\u200bTanfolyam<\/li><li>Asztrofizika tanfolyam<\/li><li>Asztrobiol\u00f3gia tanfolyam<\/li><li>Asztrokult\u00fara tanfolyam<\/li><\/ul>\n\n\n\n<p>A n\u00e9gy eml\u00edtett kurzus b\u00e1rmelyik\u00e9n a gyakorlati tev\u00e9kenys\u00e9gek a tanteremben, speci\u00e1lis m\u0171szerek haszn\u00e1lata n\u00e9lk\u00fcl, egyszer\u0171en a tan\u00e1rok \u00e1ltal a tanul\u00f3k seg\u00edts\u00e9g\u00e9vel \u00e9s ingyenes szoftverekkel el\u0151\u00e1ll\u00edtott eszk\u00f6z\u00f6kkel v\u00e9gezhet\u0151k.<\/p>\n\n\n\n<p>A megbesz\u00e9l\u00e9sekhez \u00e9s a poszter-\u00fcl\u00e9sekhez munkacsoportokat szerveznek, hogy bemutass\u00e1k, mit csin\u00e1lnak a r\u00e9sztvev\u0151k a csillag\u00e1szatban. A tev\u00e9kenys\u00e9gek jobb meg\u00e9rt\u00e9se \u00e9rdek\u00e9ben k\u00e9rj\u00fck, olvassa el ugyanezen weboldal \u201eMunkaterv: koncepci\u00f3k, tartalom \u00e9s \u00fctemez\u00e9s\u201d c\u00edm\u0171 r\u00e9sz\u00e9t.<\/p>\n\n\n\n<p>Az el\u0151ad\u00e1sok t\u00e9m\u00e1i: Csillagfejl\u0151d\u00e9s, Kozmol\u00f3gia, Csillag\u00e1szatt\u00f6rt\u00e9net \u00e9s Naprendszer<\/p>\n\n\n\n<p>A workshopok t\u00e9m\u00e1i: Helyi horizont \u00e9s nap\u00f3r\u00e1k, Csillagok mozg\u00e1sa, Nap \u00e9s Hold, Sz\u00ednpadok \u00e9s fogyatkoz\u00e1sok \u00e9s T\u00e1ska a fiatal csillag\u00e1szt\u00f3l, Napspektrum \u00e9s napfoltok, Csillagok \u00e9lete, Csillag\u00e1szat a l\u00e1that\u00f3n t\u00fal, A csillag\u00e1szat kiterjed\u00e9se Univerzum, bolyg\u00f3k \u00e9s exobolyg\u00f3k, valamint az asztrobiol\u00f3gia elemei<\/p>\n\n\n\n<p>Munkacsoportok t\u00e9mak\u00f6rei: Felk\u00e9sz\u00fcl\u00e9si megfigyel\u00e9sek \u00e9s Csillag\u00e1szat a v\u00e1rosban vagy Arqueoastronomy.<\/p>\n\n\n\n<p><strong>AZ \u00c9RT\u00c9KEL\u00c9S M\u00d3DSZEREI \u00c9S ESZK\u00d6Z\u00d6K<\/strong><\/p>\n\n\n\n<p>\u2013 A tanfolyam elej\u00e9n \u00edr\u00e1sbeli diagnosztikai \u00e9rt\u00e9kel\u00e9s t\u00f6rt\u00e9nik (feleletv\u00e1laszt\u00f3s). A tanfolyam sor\u00e1n az \u00e9rt\u00e9kel\u00e9sek a m\u0171helymunka v\u00e9grehajt\u00e1s\u00e1nak k\u00f6zvetlen megfigyel\u00e9s\u00e9vel t\u00f6rt\u00e9nik.<\/p>\n\n\n\n<p>\u2013 A kurzus utols\u00f3 napj\u00e1n z\u00e1r\u00f3\u00e9rt\u00e9kel\u00e9s t\u00f6rt\u00e9nik, amely a diagn\u00f3zisban elv\u00e9gzett azonos tesztb\u0151l \u00e1ll (ugyanaz a pap\u00edr, a v\u00e1laszok elt\u00e9r\u0151 sz\u00ednnel).<\/p>\n\n\n\n<p>\u2013 A kurzus v\u00e9g\u00e9n egy el\u00e9gedetts\u00e9gi k\u00e9rd\u0151\u00edv kit\u00f6lt\u00e9se k\u00f6vetkezik, amelyet a hallgat\u00f3nak ki kell t\u00f6ltenie \u00e9s el kell juttatnia az \u00e9rt\u00e9kel\u00e9shez.<\/p>\n\n\n\n<p>\u2013 V\u00e9g\u00fcl n\u00e9h\u00e1ny h\u00f3nap eltelt\u00e9vel \u00e1tt\u00e9r\u00fcnk egy hat\u00e1svizsg\u00e1latra (vagy a tanul\u00e1s transzfer\u00e9nek nyomon k\u00f6vet\u00e9s\u00e9re), amely tud\u00e1sfelm\u00e9r\u00e9sb\u0151l (tartalmi k\u00e9rd\u00e9sekre vonatkoz\u00f3 konkr\u00e9t k\u00e9rd\u00e9sek), a NASE anyagok felhaszn\u00e1l\u00e1s\u00e1b\u00f3l (ha a tantervi terekben ugyanezt haszn\u00e1lt\u00e1k) \u00e1ll. , milyen gyakran \u00e9s m\u00e9lys\u00e9gben). Ezt az \u00e9rt\u00e9kel\u00e9st egy speci\u00e1lisan erre a kurzusra k\u00e9sz\u00edtett k\u00e9rd\u0151\u00edv v\u00e9gzi, amelyre interneten \u00e9s online is meg lehet v\u00e1laszolni, \u00e9s amely azonnali eredm\u00e9nyeket ad, amelyek lehet\u0151v\u00e9 teszik a statisztik\u00e1k \u00e9s hat\u00e1stanulm\u00e1nyok naprak\u00e9szen tart\u00e1s\u00e1t.<\/p>\n\n\n\n<p><strong>A TANUL\u00d3K K\u00d6TELEZETTS\u00c9GEI \u00c9S FELEL\u0150SS\u00c9GEI<\/strong><\/p>\n\n\n\n<p>\u2013 A tanfolyami tev\u00e9kenys\u00e9gek legal\u00e1bb 80%-\u00e1nak r\u00e9szv\u00e9tele.<\/p>\n\n\n\n<p>\u2013 Vegyen r\u00e9szt a kurzuson a makett, modell stb. tev\u00e9kenys\u00e9g elv\u00e9gz\u00e9s\u00e9hez sz\u00fcks\u00e9ges anyagokkal. A kurzus kezdete el\u0151tt egy-k\u00e9t h\u00e9ttel a hallgat\u00f3k e-mailben t\u00e1j\u00e9koztat\u00e1st kapnak a sz\u00fcks\u00e9ges anyagok list\u00e1j\u00e1r\u00f3l.<\/p>\n\n\n\n<p><strong>A NASE K\u00d6TELEZETTS\u00c9GEI \u00c9S FELEL\u0150SS\u00c9GEI<\/strong><\/p>\n\n\n\n<p>A tanfolyam a r\u00e9sztvev\u0151k sz\u00e1m\u00e1ra teljesen ingyenes. A kurzus dikt\u00e1l\u00e1s\u00e1hoz kapcsol\u00f3d\u00f3 infrastrukt\u00far\u00e1t, logisztik\u00e1t \u00e9s egy\u00e9b elemeket vagy er\u0151forr\u00e1sokat a helyi szervezet biztos\u00edtja.<\/p>\n\n\n\n<p>A m\u0171helyek fejleszt\u00e9s\u00e9hez sz\u00fcks\u00e9ges anyagokkal kapcsolatban a NASE biztos\u00edtja:<\/p>\n\n\n\n<p>\u2013 Romland\u00f3 vagy kell\u00e9kelemek list\u00e1ja a r\u00e9sztvev\u0151k sz\u00e1m\u00e1ra: ezeket a helyi szervezet biztos\u00edtja. Ezeknek az elemeknek a list\u00e1ja a NASE honlapj\u00e1n, az adott orsz\u00e1g nyelv\u00e9n jelenik meg (a NASE weboldal\u00e1n az \u201eElemlista\u201d szakasz).<\/p>\n\n\n\n<p>\u2013 F\u00e9nym\u00e1solat a m\u0171helyfejleszt\u00e9shez, a f\u00e1jlt annak a helynek a sz\u00e9less\u00e9gi fok\u00e1nak megfelel\u0151en kell kiv\u00e1lasztani, ahol a tanfolyamot elv\u00e9gezt\u00e9k. A f\u00e1jlok el\u00e9rhet\u0151k a NASE weboldal\u00e1n, azon a nyelven, amelyen a tanfolyamot elv\u00e9gezt\u00e9k. (Ezt az anyagot kinyomtatva kell eljuttatni a r\u00e9sztvev\u0151 tan\u00e1roknak).<\/p>\n\n\n\n<p>\u2013 Referenciaanyag: Minden r\u00e9sztvev\u0151 e-mailben megkapja a konferenci\u00e1kat \u00e9s workshopokat: sz\u00f6vegeket \u00e9s PowerPoint prezent\u00e1ci\u00f3kat. Mindez el\u00e9rhet\u0151 a NASE weboldal\u00e1n.<\/p>\n\n\n\n<p><strong>T\u00c1MOGAT\u00c1S A K\u00c9PZ\u00c9SHOZ<\/strong><\/p>\n\n\n\n<p>\u2013 Az \u00e1ltal\u00e1nos- \u00e9s k\u00f6z\u00e9piskolai tan\u00e1rok az iskol\u00e1ban v\u00e9gzett tev\u00e9kenys\u00e9g\u00fckh\u00f6z hasznos igazol\u00f3 dokumentumokat tal\u00e1lhatnak a NASE honlapj\u00e1n, a \u201eKieg\u00e9sz\u00edt\u0151 anyagok\u201d rovatban.<\/p>\n\n\n\n<p>\u2013 Az anyagok t\u00f6bb nyelven k\u00e9sz\u00fcltek.<\/p>\n\n\n\n<p><strong>AZ \u00c9RINTETT F\u00c9L B\u00c1RMELYIK EL\u00c9GEDETTS\u00c9GE<\/strong><\/p>\n\n\n\n<p>Konfliktus vagy n\u00e9zetelt\u00e9r\u00e9s eset\u00e9n az \u00fctk\u00f6z\u00e9st nem megfelel\u0151s\u00e9gi megk\u00f6zel\u00edt\u00e9ssel oldjuk meg, amely azonnali megold\u00e1st \u00e9s v\u00e9g\u00fcl korrekci\u00f3s int\u00e9zked\u00e9st ad.<\/p>\n\n\n\n<p><strong>BIZONY\u00cdTV\u00c1NYOK<\/strong><\/p>\n\n\n\n<p>A NASE nemzetk\u00f6zi szint\u0171 tan\u00fas\u00edt\u00e1st biztos\u00edt. A tan\u00fas\u00edtv\u00e1ny n\u00e9vre sz\u00f3l\u00f3, sz\u00fcks\u00e9g eset\u00e9n dni sz\u00e1mmal, az IAU, a Nemzetk\u00f6zi Csillag\u00e1szati \u200b\u200bUni\u00f3 munkacsoportj\u00e1nak akkredit\u00e1ci\u00f3j\u00e1val \u00e9s az egyes orsz\u00e1gok helyi int\u00e9zm\u00e9nyeinek t\u00e1mogat\u00e1s\u00e1val, illetve az Argentin K\u00f6zt\u00e1rsas\u00e1g eset\u00e9ben, a CONICET. Ezt a tan\u00fas\u00edtv\u00e1nyt azok a hallgat\u00f3k kapj\u00e1k, akik a tanfolyami tev\u00e9kenys\u00e9gek (minimum) 80%-\u00e1ban r\u00e9szt vettek.<\/p>\n\n\n\n<p><strong>R\u00c9SZTVEV\u0150K \u00c9S OKTAT\u00d3K<\/strong><\/p>\n\n\n\n<p>A r\u00e9sztvev\u0151k sz\u00e1ma 40 \u00e9s 50 k\u00f6z\u00f6tt van a fogad\u00f3 orsz\u00e1g \u00e1ltal\u00e1nos \u00e9s k\u00f6z\u00e9pfok\u00fa oktat\u00e1s\u00e1ban.<\/p>\n\n\n\n<p>Az oktat\u00f3k a NASE tagjai \u00e9s a fogad\u00f3 orsz\u00e1g\/v\u00e1ros 6-8 tan\u00e1ra lesz.<\/p>\n\n\n\n<div class=\"wp-block-columns is-layout-flex wp-container-core-columns-is-layout-9d6595d7 wp-block-columns-is-layout-flex\">\n<div class=\"wp-block-column is-layout-flow wp-block-column-is-layout-flow\">\n<h2 class=\"gb-headline gb-headline-6d252cf3 gb-headline-text\"><strong>Munkaterv<\/strong><\/h2>\n<\/div>\n\n\n\n<div class=\"wp-block-column is-layout-flow wp-block-column-is-layout-flow\"><div class=\"gb-button-wrapper gb-button-wrapper-a14dd1fa\">\n\n<a class=\"gb-button gb-button-faad25a3\" href=\"https:\/\/www.naseprogram.org\/wp-content\/uploads\/sites\/10\/2022\/08\/workplan-nou-4-1.pdf\" target=\"_blank\" rel=\"noopener noreferrer\"><span class=\"gb-button-text\">Let\u00f6lt\u00e9s PDF<\/span><span class=\"gb-icon\">    <\/span><\/a>\n\n<\/div><\/div>\n<\/div>\n","protected":false},"excerpt":{"rendered":"<p>C\u00c9LJA A NASE ingyenes kurzusainak f\u0151 c\u00e9lja a csillag\u00e1szk\u00e9pz\u0151 tan\u00e1rok (alap-, k\u00f6z\u00e9p- \u00e9s egyetemi) oktat\u00e1s\u00e1nak el\u0151seg\u00edt\u00e9se, valamint a tudom\u00e1ny\u00e1g oktat\u00e1s\u00e1nak\/akt\u00edv tanul\u00e1s\u00e1nak el\u0151seg\u00edt\u00e9se modellek \u00e9s jelens\u00e9gek megfigyel\u00e9se r\u00e9v\u00e9n. K\u00d6VETELM\u00c9NYEK \u00c9S\/VAGY SZAKMAI GYAKORLAT SZ\u00dcKS\u00c9GES \u00c1ltal\u00e1nos iskolai tan\u00e1rok, b\u00e1rmely ter\u00fclet k\u00f6z\u00e9piskolai tan\u00e1rai, fels\u0151oktat\u00e1si tan\u00e1rok (term\u00e9szettudom\u00e1nyi tan\u00e1rok) \u00e9s hasonl\u00f3 egyetemi alapciklus\u00fa p\u00e1ly\u00e1k, fels\u0151fok\u00fa tan\u00e1rk\u00e9pz\u00e9s hallgat\u00f3i. Nem sz\u00fcks\u00e9ges el\u0151zetes csillag\u00e1szati &#8230; <a title=\"C\u00e9l + munkaterv\" class=\"read-more\" href=\"https:\/\/www.naseprogram.org\/hu\/purpose-work-plan\/\" aria-label=\"More on C\u00e9l + munkaterv\">Read more<\/a><\/p>\n","protected":false},"author":12,"featured_media":0,"parent":0,"menu_order":0,"comment_status":"closed","ping_status":"closed","template":"","meta":{"_uag_custom_page_level_css":"","_coblocks_attr":"","_coblocks_dimensions":"","_coblocks_responsive_height":"","_coblocks_accordion_ie_support":"","footnotes":""},"class_list":["post-288367","page","type-page","status-publish"],"acf":[],"yoast_head":"<!-- This site is optimized with the Yoast SEO plugin v27.4 - https:\/\/yoast.com\/product\/yoast-seo-wordpress\/ -->\n<title>C\u00e9l + munkaterv - NASE<\/title>\n<meta name=\"robots\" content=\"index, follow, max-snippet:-1, max-image-preview:large, max-video-preview:-1\" \/>\n<link rel=\"canonical\" href=\"https:\/\/www.naseprogram.org\/hu\/purpose-work-plan\/\" \/>\n<meta property=\"og:locale\" content=\"hu_HU\" \/>\n<meta property=\"og:type\" content=\"article\" \/>\n<meta property=\"og:title\" content=\"C\u00e9l + munkaterv - NASE\" \/>\n<meta property=\"og:description\" content=\"C\u00c9LJA A NASE ingyenes kurzusainak f\u0151 c\u00e9lja a csillag\u00e1szk\u00e9pz\u0151 tan\u00e1rok (alap-, k\u00f6z\u00e9p- \u00e9s egyetemi) oktat\u00e1s\u00e1nak el\u0151seg\u00edt\u00e9se, valamint a tudom\u00e1ny\u00e1g oktat\u00e1s\u00e1nak\/akt\u00edv tanul\u00e1s\u00e1nak el\u0151seg\u00edt\u00e9se modellek \u00e9s jelens\u00e9gek megfigyel\u00e9se r\u00e9v\u00e9n. K\u00d6VETELM\u00c9NYEK \u00c9S\/VAGY SZAKMAI GYAKORLAT SZ\u00dcKS\u00c9GES \u00c1ltal\u00e1nos iskolai tan\u00e1rok, b\u00e1rmely ter\u00fclet k\u00f6z\u00e9piskolai tan\u00e1rai, fels\u0151oktat\u00e1si tan\u00e1rok (term\u00e9szettudom\u00e1nyi tan\u00e1rok) \u00e9s hasonl\u00f3 egyetemi alapciklus\u00fa p\u00e1ly\u00e1k, fels\u0151fok\u00fa tan\u00e1rk\u00e9pz\u00e9s hallgat\u00f3i. Nem sz\u00fcks\u00e9ges el\u0151zetes csillag\u00e1szati ... Read more\" \/>\n<meta property=\"og:url\" content=\"https:\/\/www.naseprogram.org\/hu\/purpose-work-plan\/\" \/>\n<meta property=\"og:site_name\" content=\"NASE\" \/>\n<meta property=\"article:modified_time\" content=\"2022-09-20T13:40:06+00:00\" \/>\n<meta name=\"twitter:card\" content=\"summary_large_image\" \/>\n<meta name=\"twitter:label1\" content=\"Becs\u00fclt olvas\u00e1si id\u0151\" \/>\n\t<meta name=\"twitter:data1\" content=\"3 perc\" \/>\n<script type=\"application\/ld+json\" class=\"yoast-schema-graph\">{\"@context\":\"https:\\\/\\\/schema.org\",\"@graph\":[{\"@type\":\"WebPage\",\"@id\":\"https:\\\/\\\/www.naseprogram.org\\\/hu\\\/purpose-work-plan\\\/\",\"url\":\"https:\\\/\\\/www.naseprogram.org\\\/hu\\\/purpose-work-plan\\\/\",\"name\":\"C\u00e9l + munkaterv - NASE\",\"isPartOf\":{\"@id\":\"https:\\\/\\\/www.naseprogram.org\\\/hu\\\/#website\"},\"datePublished\":\"2021-12-31T13:51:13+00:00\",\"dateModified\":\"2022-09-20T13:40:06+00:00\",\"breadcrumb\":{\"@id\":\"https:\\\/\\\/www.naseprogram.org\\\/hu\\\/purpose-work-plan\\\/#breadcrumb\"},\"inLanguage\":\"hu\",\"potentialAction\":[{\"@type\":\"ReadAction\",\"target\":[\"https:\\\/\\\/www.naseprogram.org\\\/hu\\\/purpose-work-plan\\\/\"]}]},{\"@type\":\"BreadcrumbList\",\"@id\":\"https:\\\/\\\/www.naseprogram.org\\\/hu\\\/purpose-work-plan\\\/#breadcrumb\",\"itemListElement\":[{\"@type\":\"ListItem\",\"position\":1,\"name\":\"Home\",\"item\":\"https:\\\/\\\/www.naseprogram.org\\\/hu\\\/\"},{\"@type\":\"ListItem\",\"position\":2,\"name\":\"C\u00e9l + munkaterv\"}]},{\"@type\":\"WebSite\",\"@id\":\"https:\\\/\\\/www.naseprogram.org\\\/hu\\\/#website\",\"url\":\"https:\\\/\\\/www.naseprogram.org\\\/hu\\\/\",\"name\":\"NASE\",\"description\":\"Network for Astronomy School Education\",\"publisher\":{\"@id\":\"https:\\\/\\\/www.naseprogram.org\\\/hu\\\/#organization\"},\"potentialAction\":[{\"@type\":\"SearchAction\",\"target\":{\"@type\":\"EntryPoint\",\"urlTemplate\":\"https:\\\/\\\/www.naseprogram.org\\\/hu\\\/?s={search_term_string}\"},\"query-input\":{\"@type\":\"PropertyValueSpecification\",\"valueRequired\":true,\"valueName\":\"search_term_string\"}}],\"inLanguage\":\"hu\"},{\"@type\":\"Organization\",\"@id\":\"https:\\\/\\\/www.naseprogram.org\\\/hu\\\/#organization\",\"name\":\"NASE\",\"url\":\"https:\\\/\\\/www.naseprogram.org\\\/hu\\\/\",\"logo\":{\"@type\":\"ImageObject\",\"inLanguage\":\"hu\",\"@id\":\"https:\\\/\\\/www.naseprogram.org\\\/hu\\\/#\\\/schema\\\/logo\\\/image\\\/\",\"url\":\"https:\\\/\\\/www.naseprogram.org\\\/wp-content\\\/uploads\\\/sites\\\/10\\\/2021\\\/12\\\/naselogo.png\",\"contentUrl\":\"https:\\\/\\\/www.naseprogram.org\\\/wp-content\\\/uploads\\\/sites\\\/10\\\/2021\\\/12\\\/naselogo.png\",\"width\":234,\"height\":91,\"caption\":\"NASE\"},\"image\":{\"@id\":\"https:\\\/\\\/www.naseprogram.org\\\/hu\\\/#\\\/schema\\\/logo\\\/image\\\/\"}}]}<\/script>\n<!-- \/ Yoast SEO plugin. -->","yoast_head_json":{"title":"C\u00e9l + munkaterv - NASE","robots":{"index":"index","follow":"follow","max-snippet":"max-snippet:-1","max-image-preview":"max-image-preview:large","max-video-preview":"max-video-preview:-1"},"canonical":"https:\/\/www.naseprogram.org\/hu\/purpose-work-plan\/","og_locale":"hu_HU","og_type":"article","og_title":"C\u00e9l + munkaterv - NASE","og_description":"C\u00c9LJA A NASE ingyenes kurzusainak f\u0151 c\u00e9lja a csillag\u00e1szk\u00e9pz\u0151 tan\u00e1rok (alap-, k\u00f6z\u00e9p- \u00e9s egyetemi) oktat\u00e1s\u00e1nak el\u0151seg\u00edt\u00e9se, valamint a tudom\u00e1ny\u00e1g oktat\u00e1s\u00e1nak\/akt\u00edv tanul\u00e1s\u00e1nak el\u0151seg\u00edt\u00e9se modellek \u00e9s jelens\u00e9gek megfigyel\u00e9se r\u00e9v\u00e9n. K\u00d6VETELM\u00c9NYEK \u00c9S\/VAGY SZAKMAI GYAKORLAT SZ\u00dcKS\u00c9GES \u00c1ltal\u00e1nos iskolai tan\u00e1rok, b\u00e1rmely ter\u00fclet k\u00f6z\u00e9piskolai tan\u00e1rai, fels\u0151oktat\u00e1si tan\u00e1rok (term\u00e9szettudom\u00e1nyi tan\u00e1rok) \u00e9s hasonl\u00f3 egyetemi alapciklus\u00fa p\u00e1ly\u00e1k, fels\u0151fok\u00fa tan\u00e1rk\u00e9pz\u00e9s hallgat\u00f3i. Nem sz\u00fcks\u00e9ges el\u0151zetes csillag\u00e1szati ... Read more","og_url":"https:\/\/www.naseprogram.org\/hu\/purpose-work-plan\/","og_site_name":"NASE","article_modified_time":"2022-09-20T13:40:06+00:00","twitter_card":"summary_large_image","twitter_misc":{"Becs\u00fclt olvas\u00e1si id\u0151":"3 perc"},"schema":{"@context":"https:\/\/schema.org","@graph":[{"@type":"WebPage","@id":"https:\/\/www.naseprogram.org\/hu\/purpose-work-plan\/","url":"https:\/\/www.naseprogram.org\/hu\/purpose-work-plan\/","name":"C\u00e9l + munkaterv - NASE","isPartOf":{"@id":"https:\/\/www.naseprogram.org\/hu\/#website"},"datePublished":"2021-12-31T13:51:13+00:00","dateModified":"2022-09-20T13:40:06+00:00","breadcrumb":{"@id":"https:\/\/www.naseprogram.org\/hu\/purpose-work-plan\/#breadcrumb"},"inLanguage":"hu","potentialAction":[{"@type":"ReadAction","target":["https:\/\/www.naseprogram.org\/hu\/purpose-work-plan\/"]}]},{"@type":"BreadcrumbList","@id":"https:\/\/www.naseprogram.org\/hu\/purpose-work-plan\/#breadcrumb","itemListElement":[{"@type":"ListItem","position":1,"name":"Home","item":"https:\/\/www.naseprogram.org\/hu\/"},{"@type":"ListItem","position":2,"name":"C\u00e9l + munkaterv"}]},{"@type":"WebSite","@id":"https:\/\/www.naseprogram.org\/hu\/#website","url":"https:\/\/www.naseprogram.org\/hu\/","name":"NASE","description":"Network for Astronomy School Education","publisher":{"@id":"https:\/\/www.naseprogram.org\/hu\/#organization"},"potentialAction":[{"@type":"SearchAction","target":{"@type":"EntryPoint","urlTemplate":"https:\/\/www.naseprogram.org\/hu\/?s={search_term_string}"},"query-input":{"@type":"PropertyValueSpecification","valueRequired":true,"valueName":"search_term_string"}}],"inLanguage":"hu"},{"@type":"Organization","@id":"https:\/\/www.naseprogram.org\/hu\/#organization","name":"NASE","url":"https:\/\/www.naseprogram.org\/hu\/","logo":{"@type":"ImageObject","inLanguage":"hu","@id":"https:\/\/www.naseprogram.org\/hu\/#\/schema\/logo\/image\/","url":"https:\/\/www.naseprogram.org\/wp-content\/uploads\/sites\/10\/2021\/12\/naselogo.png","contentUrl":"https:\/\/www.naseprogram.org\/wp-content\/uploads\/sites\/10\/2021\/12\/naselogo.png","width":234,"height":91,"caption":"NASE"},"image":{"@id":"https:\/\/www.naseprogram.org\/hu\/#\/schema\/logo\/image\/"}}]}},"uagb_featured_image_src":{"full":false,"thumbnail":false,"medium":false,"medium_large":false,"large":false,"1536x1536":false,"2048x2048":false},"uagb_author_info":{"display_name":"lifetimemedia","author_link":"https:\/\/www.naseprogram.org\/hu\/author\/lifetimemedia\/"},"uagb_comment_info":0,"uagb_excerpt":"C\u00c9LJA A NASE ingyenes kurzusainak f\u0151 c\u00e9lja a csillag\u00e1szk\u00e9pz\u0151 tan\u00e1rok (alap-, k\u00f6z\u00e9p- \u00e9s egyetemi) oktat\u00e1s\u00e1nak el\u0151seg\u00edt\u00e9se, valamint a tudom\u00e1ny\u00e1g oktat\u00e1s\u00e1nak\/akt\u00edv tanul\u00e1s\u00e1nak el\u0151seg\u00edt\u00e9se modellek \u00e9s jelens\u00e9gek megfigyel\u00e9se r\u00e9v\u00e9n. K\u00d6VETELM\u00c9NYEK \u00c9S\/VAGY SZAKMAI GYAKORLAT SZ\u00dcKS\u00c9GES \u00c1ltal\u00e1nos iskolai tan\u00e1rok, b\u00e1rmely ter\u00fclet k\u00f6z\u00e9piskolai tan\u00e1rai, fels\u0151oktat\u00e1si tan\u00e1rok (term\u00e9szettudom\u00e1nyi tan\u00e1rok) \u00e9s hasonl\u00f3 egyetemi alapciklus\u00fa p\u00e1ly\u00e1k, fels\u0151fok\u00fa tan\u00e1rk\u00e9pz\u00e9s hallgat\u00f3i. Nem sz\u00fcks\u00e9ges el\u0151zetes csillag\u00e1szati&hellip;","_links":{"self":[{"href":"https:\/\/www.naseprogram.org\/hu\/wp-json\/wp\/v2\/pages\/288367","targetHints":{"allow":["GET"]}}],"collection":[{"href":"https:\/\/www.naseprogram.org\/hu\/wp-json\/wp\/v2\/pages"}],"about":[{"href":"https:\/\/www.naseprogram.org\/hu\/wp-json\/wp\/v2\/types\/page"}],"author":[{"embeddable":true,"href":"https:\/\/www.naseprogram.org\/hu\/wp-json\/wp\/v2\/users\/12"}],"replies":[{"embeddable":true,"href":"https:\/\/www.naseprogram.org\/hu\/wp-json\/wp\/v2\/comments?post=288367"}],"version-history":[{"count":6,"href":"https:\/\/www.naseprogram.org\/hu\/wp-json\/wp\/v2\/pages\/288367\/revisions"}],"predecessor-version":[{"id":312132,"href":"https:\/\/www.naseprogram.org\/hu\/wp-json\/wp\/v2\/pages\/288367\/revisions\/312132"}],"wp:attachment":[{"href":"https:\/\/www.naseprogram.org\/hu\/wp-json\/wp\/v2\/media?parent=288367"}],"curies":[{"name":"wp","href":"https:\/\/api.w.org\/{rel}","templated":true}]}}